{"id":117,"date":"2016-03-01T21:23:00","date_gmt":"2016-03-01T20:23:00","guid":{"rendered":"http:\/\/nieder-mit-hitler.de\/?page_id=117"},"modified":"2018-09-27T10:38:29","modified_gmt":"2018-09-27T08:38:29","slug":"kooperationsprojekt","status":"publish","type":"page","link":"http:\/\/nieder-mit-hitler.de\/index.php\/kooperationsprojekt\/","title":{"rendered":"Kooperationsprojekt"},"content":{"rendered":"<p class=\"p1\"><span class=\"s1\">Der 20-min\u00fctige Dokumentarfilm entstand im Rahmen des Forschungs- und Bildungsprojekts &#8222;Jugendwiderstand im nationalsozialistischen Erfurt am Beispiel der Gruppe um Jochen Bock&#8220;.<\/span><\/p>\n<p>&nbsp;<\/p>\n<p><span class=\"s1\">Kooperationspartner:<\/span><\/p>\n<p class=\"p1\"><span class=\"s1\"><a href=\"http:\/\/www.stiftung-ettersberg.de\/\" target=\"_blank\"><strong>Stiftung Ettersberg<\/strong> \/ Gedenk- und Bildungsst\u00e4tte Andreasstra\u00dfe<\/a><\/span><\/p>\n<p class=\"p1\"><span class=\"s1\"><a href=\"http:\/\/www.topfundsoehne.de\/cms-www\/index.php?id=75\" target=\"_blank\"><strong>Stadt Erfurt<\/strong> \/ Erinnerungsort Topf &amp; S\u00f6hne<\/a><\/span><\/p>\n<p class=\"p1\"><span class=\"s1\"><a href=\"https:\/\/www.uni-erfurt.de\/geschichte\/zeitgeschichte-und-geschichtsdidaktik\/forschung\/jugendwiderstand-im-nationalsozialistischen-erfurt-am-beispiel-der-gruppe-um-jochen-bock\/\" target=\"_blank\"><strong>Universit\u00e4t Erfurt<\/strong> \/ Historisches Institut<\/a><\/span><\/p>\n<p class=\"p1\"><span class=\"s1\"><a href=\"http:\/\/www.fes-thueringen.de\/\" target=\"_blank\"><strong>Friedrich-Ebert-Stiftung<\/strong> \/ Landesb\u00fcro Th\u00fcringen<\/a><\/span><\/p>\n<h1 class=\"p1\"><\/h1>\n<p>&nbsp;<\/p>\n<p>&nbsp;<\/p>\n<h2>Weitere Module des Projekts<\/h2>\n<p>&nbsp;<\/p>\n<p><img decoding=\"async\" loading=\"lazy\" class=\"alignnone size-medium wp-image-442\" src=\"http:\/\/nieder-mit-hitler.de\/wp-content\/uploads\/2016\/03\/Buchcover_Jochen_Bock_geschnitten3-194x300.png\" alt=\"Buchcover_Jochen_Bock_geschnitten3\" width=\"194\" height=\"300\" srcset=\"http:\/\/nieder-mit-hitler.de\/wp-content\/uploads\/2016\/03\/Buchcover_Jochen_Bock_geschnitten3-194x300.png 194w, http:\/\/nieder-mit-hitler.de\/wp-content\/uploads\/2016\/03\/Buchcover_Jochen_Bock_geschnitten3.png 533w\" sizes=\"(max-width: 194px) 100vw, 194px\" \/><\/p>\n<p>Seit Ende 2016 erh\u00e4ltlich: Die wissenschaftliche Publikation zur Widerstandsgruppe um Jochen Bock (Landeszentrale f\u00fcr politische Bildung Th\u00fcringen).<\/p>\n<p>&nbsp;<\/p>\n<p>Geplant sind dar\u00fcber hinaus eine wissensschaftliche Tagung zum Thema Jugendwiderstand im Nationalsozialismus (Herbst 2018), eine Graphic Novel \u00fcber die Widerstandsgruppe um Jochen Bock (Zeichnung: Hamed Eshrat, Szenario: Jochen Voit; 2018) sowie p\u00e4dagogische Begleitmaterialien f\u00fcr Lehrerinnen und Lehrer.<\/p>\n<p>&nbsp;<\/p>\n<h1>Mitwirkende<\/h1>\n<p>&nbsp;<\/p>\n<h2 class=\"p1\"><b>Zeitzeugen<\/b><\/h2>\n<p class=\"p1\"><span class=\"s1\">Karl Metzner (ehem. Mitglied der Widerstandsgruppe um Jochen Bock)<\/span><\/p>\n<p class=\"p1\"><span class=\"s1\"><a href=\"http:\/\/nieder-mit-hitler.de\/index.php\/selbstportrait-von-gerhard-laue\/\">Gerhard Laue<\/a> (ehem. Klassenkamerad der f\u00fcnf Handelssch\u00fcler)<br \/>\n<\/span><\/p>\n<h1 class=\"p1\"><\/h1>\n<h2 class=\"p1\"><span class=\"s1\"><b>Sch\u00fclerinnen und Sch\u00fcler des Evangelischen Ratsgymnasiums<\/b><\/span><\/h2>\n<p class=\"p1\"><span class=\"s1\">Emilia Goldhardt<\/span><\/p>\n<p class=\"p1\"><span class=\"s1\">Helena Langer<\/span><\/p>\n<p class=\"p1\"><span class=\"s1\">Ferdinand Sperling<\/span><\/p>\n<p class=\"p1\"><span class=\"s1\">Eric Weiner<\/span><\/p>\n<p class=\"p1\"><span class=\"s1\">Robert Ziesenis<\/span><\/p>\n<p class=\"p1\"><span class=\"s1\"><strong>Betreuender Lehrer |<\/strong> J\u00fcrgen Junker<\/span><\/p>\n<h1 class=\"p1\"><\/h1>\n<h2 class=\"p1\"><span class=\"s1\"><b>Filmteam<\/b><\/span><\/h2>\n<p class=\"p1\"><span class=\"s1\"><strong>Regie |<\/strong> Jochen Voit<\/span><\/p>\n<p class=\"p1\"><span class=\"s1\"><strong>1. Kamera <\/strong>| Joachim K\u00f6hler<\/span><\/p>\n<p class=\"p1\"><span class=\"s1\"><strong>2. Kamera |<\/strong> Christopher Fink<\/span><\/p>\n<p class=\"p1\"><span class=\"s1\"><strong>Kameraassistenz |<\/strong> Michael Kirsten<\/span><\/p>\n<p class=\"p1\"><span class=\"s1\"><strong>Kameraassistenz |<\/strong> Felix Mayer<\/span><\/p>\n<p class=\"p1\"><span class=\"s1\"><strong>Tontechniker<\/strong> <strong> | <\/strong>Christian Badelt<\/span><\/p>\n<p class=\"p1\"><span class=\"s1\"><strong>Tonassistenz |<\/strong> Philipp Porsiel<\/span><\/p>\n<p class=\"p1\"><span class=\"s1\"><strong>Maske |<\/strong> Sophie Kralenetz<\/span><\/p>\n<p class=\"p1\"><span class=\"s1\"><strong>Postproduktion |<\/strong> Joachim K\u00f6hler<\/span><\/p>\n<p class=\"p1\"><span class=\"s1\"><strong>Assistenz Post |<\/strong> Michael Kirsten<\/span><\/p>\n<p class=\"p1\"><span class=\"s1\"><strong>Assistenz Post |<\/strong> Josephine Kreutzer<\/span><\/p>\n<p class=\"p1\"><span class=\"s1\"><strong>Assistenz Post |<\/strong> Pauline Schulz<\/span><\/p>\n<p class=\"p1\"><span class=\"s1\"><strong>Assistenz Post |<\/strong> Franziska Topp<\/span><\/p>\n<p class=\"p1\"><span class=\"s1\"><strong>Assistenz Post |<\/strong> Nils Wassiljew<\/span><\/p>\n<p class=\"p1\"><span class=\"s1\"><strong>Filmproduktion |<\/strong> Joachim K\u00f6hler MEDIADESIGN<\/span><\/p>\n<p class=\"p1\"><span class=\"s1\"><strong>Produktion |<\/strong> Stiftung Ettersberg \/ Gedenk- und Bildungsst\u00e4tte Andreasstra\u00dfe<br \/>\n<\/span><\/p>\n<p class=\"p1\"><span class=\"s1\"><strong>Grafik Stadtplan |<\/strong> Gerd Fleischmann, Anita Grabovac<\/span><\/p>\n<p class=\"p1\"><span class=\"s1\"><strong>Grafik Animation |<\/strong> Joachim K\u00f6hler <\/span><\/p>\n<p class=\"p1\"><span class=\"s1\"><strong>Kamera-Workshop |<\/strong> Christopher Fink<\/span><\/p>\n<h1 class=\"p1\"><\/h1>\n<h2 class=\"p1\"><span class=\"s1\"><b>Musik<\/b><\/span><\/h2>\n<p class=\"p1\"><span class=\"s1\">Tom Tykwer, Johnny Klimek, Reinhold Heil<\/span><\/p>\n<p class=\"p1\"><span class=\"s1\">Ausschnitte aus dem Score von \u201cder krieger + die kaiserin\u201c (2000)<\/span><\/p>\n<p class=\"p1\"><span class=\"s1\">\u00a9 Motor Music Hamburg, Universal Music Company<\/span><\/p>\n<p class=\"p1\"><span class=\"s1\">Published by Creative Pool Musikverlage\/ Ed. Klimax Publ.\/ Ed. Power Blue Music, ladm. by BMG UFA and Real World Publ. Ltd.<\/span><\/p>\n<h1 class=\"p1\"><\/h1>\n<h2 class=\"p1\"><span class=\"s1\"><b>Kooperationspartner<\/b><\/span><\/h2>\n<p class=\"p1\"><span class=\"s1\"><strong>Forschungsgruppe Jugendwiderstand im nationalsozialistischen Erfurt am Beispiel der Gruppe um Jochen Bock<\/strong> <\/span><\/p>\n<h5 class=\"p1\"><\/h5>\n<p class=\"p1\"><span class=\"s1\"><strong>Landeshauptstadt Erfurt<\/strong> \/ Erinnerungsort Topf &amp; S\u00f6hne<\/span><\/p>\n<p class=\"p1\"><span class=\"s1\"><strong>Universit\u00e4t Erfurt<\/strong> \/ Historisches Seminar<\/span><\/p>\n<p class=\"p1\"><span class=\"s1\"><strong>Friedrich-Ebert-Stiftung<\/strong> \/ Landesb\u00fcro Th\u00fcringen<\/span><\/p>\n<p class=\"p1\"><span class=\"s1\"><strong>Stiftung Ettersberg<\/strong> \/ Gedenk- und Bildungsst\u00e4tte Andreasstra\u00dfe<\/span><\/p>\n<h5 class=\"p1\"><\/h5>\n<p class=\"p1\"><span class=\"s1\"><strong>PD Dr. Annegret Sch\u00fcle<\/strong>, Leiterin des Erinnerungsortes \u201eTopf &amp; S\u00f6hne &#8211; Die Ofenbauer von Auschwitz\u201c<\/span><\/p>\n<p class=\"p1\"><span class=\"s1\"><strong>Prof. Dr. Christiane Kuller<\/strong>, Professorin f\u00fcr Neuere und Zeitgeschichte und Geschichtsdidaktik am Historischen Seminar der Universit\u00e4t Erfurt<\/span><\/p>\n<p class=\"p1\"><span class=\"s1\"><strong>Dr. Paul Pasch<\/strong>, Leiter des Landesb\u00fcros Th\u00fcringen der Friedrich-Ebert-Stiftung<\/span><\/p>\n<p class=\"p1\"><span class=\"s1\"><strong>Eva Nagler<\/strong>, Referentin des Landesb\u00fcros Th\u00fcringen der Friedrich-Ebert-Stiftung<\/span><\/p>\n<p class=\"p1\"><span class=\"s1\"><strong>Dr. Jochen Voit<\/strong>, Leiter der Gedenk- und Bildungsst\u00e4tte Andreasstra\u00dfe<\/span><\/p>\n<h5 class=\"p1\"><\/h5>\n<p class=\"p1\"><strong><span class=\"s1\">| Studierende der Universit\u00e4t Erfurt |<br \/>\n<\/span><\/strong><\/p>\n<p class=\"p1\"><span class=\"s1\">Maria Ackermann <\/span><\/p>\n<p class=\"p1\"><span class=\"s1\">Melanie Aust<\/span><\/p>\n<p class=\"p1\"><span class=\"s1\">Svenja Bliedung<\/span><\/p>\n<p class=\"p1\"><span class=\"s1\">Lisanne D\u00f6ll <\/span><\/p>\n<p class=\"p1\"><span class=\"s1\">Jessica Elsner <\/span><\/p>\n<p class=\"p1\"><span class=\"s1\">Nicolas Hecker<\/span><\/p>\n<p class=\"p1\"><span class=\"s1\">Stefan Hellmuth<\/span><\/p>\n<p class=\"p1\"><span class=\"s1\">Nicole Kobs<\/span><\/p>\n<p class=\"p1\"><span class=\"s1\">Franziska Kohlschreiber<\/span><\/p>\n<p class=\"p1\"><span class=\"s1\">Armin Kung<\/span><\/p>\n<p class=\"p1\"><span class=\"s1\">Franziska Rantzsch<\/span><\/p>\n<p class=\"p1\"><span class=\"s1\">Anja R\u00f6hringer<\/span><\/p>\n<h1 class=\"p1\"><\/h1>\n<h2 class=\"p1\"><span class=\"s1\"><b>Dank an<\/b><\/span><\/h2>\n<p><span class=\"s1\">Hardy Eidam und das Stadtmuseum Erfurt f\u00fcr dokumentarisches Filmmaterial aus den 1930er Jahren,<\/span><\/p>\n<p><span class=\"s1\">die Archivare und Archivarinnen des Bundesarchivs, des Th\u00fcringischen Staatsarchivs Gotha, des Hauptstaatsarchivs Weimar, des Deutschen Rundfunkarchivs und des Erfurter Stadtarchivs sowie<\/span><\/p>\n<p><span class=\"s1\">an unsere Zeitzeugen <a href=\"http:\/\/nieder-mit-hitler.de\/index.php\/selbstportrait-von-gerhard-laue\/\">Gerhard Laue<\/a> &amp; Karl Metzner.<\/span><\/p>\n<p class=\"p1\" style=\"text-align: left;\"><span class=\"s1\"><strong>Der Film ist den Mitgliedern der Widerstandsgruppe um Jochen Bock und ihrem Lehrer Albrecht Schulz gewidmet.<\/strong> <\/span><\/p>\n<p><span class=\"s1\">\u00a9 Gedenk- und Bildungsst\u00e4tte Andreasstra\u00dfe, Stiftung Ettersberg<\/span><\/p>\n","protected":false},"excerpt":{"rendered":"<p>Der 20-min\u00fctige Dokumentarfilm entstand im Rahmen des Forschungs- und Bildungsprojekts &#8222;Jugendwiderstand im nationalsozialistischen Erfurt am Beispiel der Gruppe um Jochen Bock&#8220;. &nbsp; Kooperationspartner: Stiftung Ettersberg \/ Gedenk- und Bildungsst\u00e4tte Andreasstra\u00dfe Stadt Erfurt \/ Erinnerungsort Topf &amp; S\u00f6hne Universit\u00e4t Erfurt \/ Historisches Institut Friedrich-Ebert-Stiftung \/ Landesb\u00fcro Th\u00fcringen &nbsp; &nbsp; Weitere Module des Projekts &nbsp; Seit Ende [&hellip;]<\/p>\n","protected":false},"author":1,"featured_media":0,"parent":0,"menu_order":0,"comment_status":"closed","ping_status":"closed","template":"","meta":[],"_links":{"self":[{"href":"http:\/\/nieder-mit-hitler.de\/index.php\/wp-json\/wp\/v2\/pages\/117"}],"collection":[{"href":"http:\/\/nieder-mit-hitler.de\/index.php\/wp-json\/wp\/v2\/pages"}],"about":[{"href":"http:\/\/nieder-mit-hitler.de\/index.php\/wp-json\/wp\/v2\/types\/page"}],"author":[{"embeddable":true,"href":"http:\/\/nieder-mit-hitler.de\/index.php\/wp-json\/wp\/v2\/users\/1"}],"replies":[{"embeddable":true,"href":"http:\/\/nieder-mit-hitler.de\/index.php\/wp-json\/wp\/v2\/comments?post=117"}],"version-history":[{"count":16,"href":"http:\/\/nieder-mit-hitler.de\/index.php\/wp-json\/wp\/v2\/pages\/117\/revisions"}],"predecessor-version":[{"id":671,"href":"http:\/\/nieder-mit-hitler.de\/index.php\/wp-json\/wp\/v2\/pages\/117\/revisions\/671"}],"wp:attachment":[{"href":"http:\/\/nieder-mit-hitler.de\/index.php\/wp-json\/wp\/v2\/media?parent=117"}],"curies":[{"name":"wp","href":"https:\/\/api.w.org\/{rel}","templated":true}]}}